{"id":2557,"date":"2022-06-20T14:14:56","date_gmt":"2022-06-20T14:14:56","guid":{"rendered":"https:\/\/zaememache.ch\/wp\/?page_id=2557"},"modified":"2022-06-20T14:16:10","modified_gmt":"2022-06-20T14:16:10","slug":"datenschutz","status":"publish","type":"page","link":"https:\/\/zaememache.ch\/de_de\/datenschutz\/","title":{"rendered":"Datenschutz"},"content":{"rendered":"<p><\/p>\n\n\n\n<p>Verantwortliche Stelle im Sinne der Datenschutzgesetze, insbesondere der EU-Datenschutzgrundverordnung (DSGVO), ist:<\/p>\n\n\n\n<p>Samuel Signer<br>Ergeten 2730\u00a0<br>9112 Schachen b. Herisau<\/p>\n\n\n\n<p>E-Mail:  info@zaememache.ch<br><\/p>\n\n\n\n<p><\/p>\n\n\n\n<h3 class=\"wp-block-heading\">Allgemeiner Hinweis<\/h3>\n\n\n\n<p>Gest\u00fctzt auf Artikel 13 der schweizerischen Bundesverfassung und die datenschutzrechtlichen Bestimmungen des Bundes (Datenschutzgesetz, DSG) hat jede Person Anspruch auf Schutz ihrer Privatsph\u00e4re sowie auf Schutz vor Missbrauch ihrer pers\u00f6nlichen Daten. Die Betreiber dieser Seiten nehmen den Schutz Ihrer pers\u00f6nlichen Daten sehr ernst. Wir behandeln Ihre personenbezogenen Daten vertraulich und entsprechend der gesetzlichen Datenschutzvorschriften sowie dieser Datenschutzerkl\u00e4rung.<\/p>\n\n\n\n<p>In Zusammenarbeit mit unseren Hosting-Providern bem\u00fchen wir uns, die Datenbanken so gut wie m\u00f6glich vor fremden Zugriffen, Verlusten, Missbrauch oder vor F\u00e4lschung zu sch\u00fctzen.<\/p>\n\n\n\n<p>Wir weisen darauf hin, dass die Daten\u00fcbertragung im Internet (z.B. bei der Kommunikation per E-Mail) Sicherheitsl\u00fccken aufweisen kann. Ein l\u00fcckenloser Schutz der Daten vor dem Zugriff durch Dritte ist nicht m\u00f6glich.<\/p>\n\n\n\n<p>Durch die Nutzung dieser WebSite erkl\u00e4ren Sie sich mit der Erhebung, Verarbeitung und Nutzung von Daten gem\u00e4ss der nachfolgenden Beschreibung einverstanden. Diese WebSite kann grunds\u00e4tzlich ohne Registrierung besucht werden. Dabei werden Daten wie beispielsweise aufgerufene Seiten bzw. Namen der abgerufenen Datei, Datum und Uhrzeit zu statistischen Zwecken auf dem Server gespeichert, ohne dass diese Daten unmittelbar auf Ihre Person bezogen werden. Personenbezogene Daten, insbesondere Name, Adresse oder E-Mail-Adresse werden soweit m\u00f6glich auf freiwilliger Basis erhoben. Ohne Ihre Einwilligung erfolgt keine Weitergabe der Daten an Dritte.<\/p>\n\n\n\n<h3 class=\"wp-block-heading\">Bearbeitung von Personendaten<\/h3>\n\n\n\n<p>Personendaten sind alle Angaben, die sich auf eine bestimmte oder bestimmbare Person beziehen. Eine betroffene Person ist eine Person, \u00fcber die Personendaten bearbeitet werden. Bearbeiten umfasst jeden Umgang mit Personendaten, unabh\u00e4ngig von den angewandten Mitteln und Verfahren, insbesondere das Aufbewahren, Bekanntgeben, Beschaffen, L\u00f6schen, Speichern, Ver\u00e4ndern, Vernichten und Verwenden von Personendaten.<\/p>\n\n\n\n<p>Wir bearbeiten Personendaten im Einklang mit dem schweizerischen Datenschutzrecht. Im \u00dcbrigen bearbeiten wir \u2013 soweit und sofern die EU-DSGVO anwendbar ist \u2013 Personendaten gem\u00e4ss folgenden Rechtsgrundlagen im Zusammenhang mit Art. 6 Abs. 1 DSGVO:<\/p>\n\n\n\n<ul><li>lit. a) Bearbeitung von Personendaten mit Einwilligung der betroffenen Person.<\/li><li>lit. b) Bearbeitung von Personendaten zur Erf\u00fcllung eines Vertrages mit der betroffenen Person sowie zur Durchf\u00fchrung entsprechender vorvertraglicher Massnahmen.<\/li><li>lit. c) Bearbeitung von Personendaten zur Erf\u00fcllung einer rechtlichen Verpflichtung, der wir gem\u00e4ss allenfalls anwendbarem Recht der EU oder gem\u00e4ss allenfalls anwendbarem Recht eines Landes, in dem die DSGVO&nbsp;ganz oder teilweise anwendbar ist, unterliegen.<\/li><li>lit. d) Bearbeitung von Personendaten um lebenswichtige Interessen der betroffenen Person oder einer anderen nat\u00fcrlichen Person zu sch\u00fctzen.<\/li><li>lit. f) Bearbeitung von Personendaten um die berechtigten Interessen von uns oder von Dritten zu wahren, sofern nicht die Grundfreiheiten und Grundrechte sowie Interessen der betroffenen Person \u00fcberwiegen. Berechtigte Interessen sind insbesondere unser betriebswirtschaftliches Interesse, unsere Website bereitstellen zu k\u00f6nnen, die Informationssicherheit, die Durchsetzung von eigenen rechtlichen Anspr\u00fcchen und die Einhaltung von schweizerischem Recht.<\/li><\/ul>\n\n\n\n<p>Wir bearbeiten Personendaten f\u00fcr jene Dauer, die f\u00fcr den jeweiligen Zweck oder die jeweiligen Zwecke erforderlich ist. Bei l\u00e4nger dauernden Aufbewahrungspflichten aufgrund von gesetzlichen und sonstigen Pflichten, denen wir unterliegen, schr\u00e4nken wir die Bearbeitung entsprechend ein.<\/p>\n\n\n\n<h3 class=\"wp-block-heading\">Datenschutzerkl\u00e4rung f\u00fcr Cookies<\/h3>\n\n\n\n<p>Diese WebSite verwendet Cookies. Das sind kleine Textdateien, die es m\u00f6glich machen, auf dem Endger\u00e4t des Nutzers spezifische, auf den Nutzer bezogene Informationen zu speichern, w\u00e4hrend er die Website nutzt. Cookies erm\u00f6glichen es, insbesondere Nutzungsh\u00e4ufigkeit und Nutzeranzahl der Seiten zu ermitteln, Verhaltensweisen der Seitennutzung zu analysieren, aber auch unser Angebot kundenfreundlicher zu gestalten.&nbsp;Cookies bleiben \u00fcber das Ende einer Browser-Sitzung gespeichert und k\u00f6nnen bei einem erneuten Seitenbesuch wieder aufgerufen werden. Wenn Sie das nicht w\u00fcnschen, sollten Sie Ihren Internetbrowser so einstellen, dass er die Annahme von Cookies verweigert.<\/p>\n\n\n\n<h3 class=\"wp-block-heading\">Datenschutzerkl\u00e4rung f\u00fcr SSL-Verschl\u00fcsselung<\/h3>\n\n\n\n<p>Diese WebSite nutzt aus Gr\u00fcnden der Sicherheit und zum Schutz der \u00dcbertragung vertraulicher Inhalte, wie zum Beispiel der Anfragen, die Sie an uns als Seitenbetreiber senden, eine SSL-Verschl\u00fcsselung. Eine verschl\u00fcsselte Verbindung erkennen Sie daran, dass die Adresszeile des Browsers von \u201chttps:\/\/\u201d auf \u201chttps:\/\/\u201d wechselt und an dem Schloss-Symbol in Ihrer Browserzeile.<\/p>\n\n\n\n<p>Wenn die SSL Verschl\u00fcsselung aktiviert ist, k\u00f6nnen die Daten, die Sie an uns \u00fcbermitteln, nicht von Dritten mitgelesen werden.<\/p>\n\n\n\n<h3 class=\"wp-block-heading\">Datenschutzerkl\u00e4rung f\u00fcr Server-Log-Files<\/h3>\n\n\n\n<p>Der Provider dieser WebSite erhebt und speichert automatisch Informationen in so genannten Server-Log Files, die Ihr Browser automatisch an uns \u00fcbermittelt. Dies sind:<\/p>\n\n\n\n<ul><li>Browsertyp und Browserversion<\/li><li>verwendetes Betriebssystem<\/li><li>Referrer URL<\/li><li>Hostname des zugreifenden Rechners<\/li><li>Uhrzeit der Serveranfrage<\/li><\/ul>\n\n\n\n<p>Diese Daten sind nicht bestimmten Personen zuordenbar. Eine Zusammenf\u00fchrung dieser Daten mit anderen Datenquellen wird nicht vorgenommen. Wir behalten uns vor, diese Daten nachtr\u00e4glich zupr\u00fcfen, wenn uns konkrete Anhaltspunkte f\u00fcr eine rechtswidrige Nutzung bekannt werden.<\/p>\n\n\n\n<h3 class=\"wp-block-heading\">Datenschutzerkl\u00e4rung f\u00fcr Kontaktformular<\/h3>\n\n\n\n<p>Wenn Sie uns per Kontaktformular Anfragen zukommen lassen, werden Ihre Angaben aus dem Anfrageformular inklusive der von Ihnen dort angegebenen Kontaktdaten zwecks Bearbeitung der Anfrage und f\u00fcr den Fall von Anschlussfragen bei uns gespeichert. Diese Daten geben wir nicht ohne Ihre Einwilligung weiter.<\/p>\n\n\n\n<h3 class=\"wp-block-heading\">Datenschutzerkl\u00e4rung f\u00fcr Newsletterdaten<\/h3>\n\n\n\n<p>Wenn Sie den auf dieser WebSite angebotenen Newsletter beziehen m\u00f6chten, ben\u00f6tigen wir von Ihnen eine E-Mail-Adresse sowie Informationen, welche uns die \u00dcberpr\u00fcfung gestatten, dass Sie der Inhaber der angegebenen E-Mail-Adresse sind und mit dem Empfang des Newsletters einverstanden sind. Weitere Daten werden nicht erhoben. Diese Daten verwenden wir ausschlie\u00dflich f\u00fcr den Versand der angeforderten Informationen und geben sie nicht an Dritte weiter.<\/p>\n\n\n\n<p>Die erteilte Einwilligung zur Speicherung der Daten, der E-Mail-Adresse sowie deren Nutzung zum Versand des Newsletters k\u00f6nnen Sie jederzeit widerrufen, etwa \u00fcber den \u201cAustragen\u201d-Link im Newsletter.<\/p>\n\n\n\n<h3 class=\"wp-block-heading\">Datenschutzerkl\u00e4rung f\u00fcr Kommentarfunktion auf dieser Webseite<\/h3>\n\n\n\n<p>F\u00fcr die Kommentarfunktion auf dieser WebSite werden neben Ihrem Kommentar auch Angaben zum Zeitpunkt der Erstellung des Kommentars, Ihre E-Mail-Adresse und, wenn Sie nicht anonym posten, der von Ihnen gew\u00e4hlte Nutzername gespeichert.<\/p>\n\n\n\n<p><em>Speicherung der IP Adresse<\/em><\/p>\n\n\n\n<p>Unsere Kommentarfunktion speichert die IP-Adressen der Nutzer, die Kommentare verfassen. Da wir Kommentare auf unserer Seite nicht vor der Freischaltung pr\u00fcfen, ben\u00f6tigen wir diese Daten, um im Falle von Rechtsverletzungen wie Beleidigungen oder Propaganda gegen den Verfasser vorgehen zu k\u00f6nnen.<\/p>\n\n\n\n<p><em>Abonnieren von Kommentaren<\/em><\/p>\n\n\n\n<p>Als Nutzer der Seite k\u00f6nnen Sie nach einer Anmeldung Kommentare abonnieren. Sie erhalten eine Best\u00e4tigungsemail, um zu pr\u00fcfen, ob Sie der Inhaber der angegebenen E-Mail-Adresse sind. Sie k\u00f6nnen diese Funktion jederzeit \u00fcber einen Link in den Info-Mails abbestellen.<\/p>\n\n\n\n<h3 class=\"wp-block-heading\">Datenschutzerkl\u00e4rung f\u00fcr Recht auf Auskunft, L\u00f6schung, Sperrung<\/h3>\n\n\n\n<p>Sie haben jederzeit das Recht auf unentgeltliche Auskunft \u00fcber Ihre gespeicherten personenbezogenen Daten, deren Herkunft und Empf\u00e4nger und den Zweck der Datenverarbeitung sowie ein Recht auf Berichtigung, Sperrung oder L\u00f6schung dieser Daten. Hierzu sowie zu weiteren Fragen zum Thema personenbezogene Daten k\u00f6nnen Sie sich jederzeit unter der im Impressum angegebenen Adresse an uns wenden.<\/p>\n\n\n\n<h3 class=\"wp-block-heading\">Kostenpflichtige Leistungen<\/h3>\n\n\n\n<p>Zur Erbringung kostenpflichtiger Leistungen werden von uns zus\u00e4tzliche Daten erfragt, wie z.B. Zahlungsangaben, um Ihre Bestellung resp. Ihren Auftrag ausf\u00fchren zu k\u00f6nnen. Wir speichern diese Daten in unseren Systemen, bis die gesetzlichen Aufbewahrungsfristen abgelaufen sind.<\/p>\n\n\n\n<h3 class=\"wp-block-heading\">Verwendung von Google Maps<\/h3>\n\n\n\n<p>Diese WebSite verwendet Google Maps API, um geographische Informationen visuell darzustellen. Bei der Nutzung von Google Maps werden von Google auch Daten \u00fcber die Nutzung der Kartenfunktionen durch Besucher erhoben, verarbeitet und genutzt. N\u00e4here Informationen \u00fcber die Datenverarbeitung durch Google k\u00f6nnen Sie&nbsp;<a href=\"https:\/\/www.google.com\/privacypolicy.html\" target=\"_blank\" rel=\"noreferrer noopener\">den Google-Datenschutzhinweisen<\/a>&nbsp;entnehmen. Dort k\u00f6nnen Sie im Datenschutzcenter auch Ihre pers\u00f6nlichen Datenschutz-Einstellungen ver\u00e4ndern.<\/p>\n\n\n\n<p>Ausf\u00fchrliche Anleitungen zur Verwaltung der eigenen Daten im Zusammenhang mit Google-Produkten&nbsp;<a href=\"https:\/\/www.dataliberation.org\/\" target=\"_blank\" rel=\"noreferrer noopener\">finden Sie hier<\/a>.<\/p>\n\n\n\n<h3 class=\"wp-block-heading\">Verwendung von Google reCAPTCHA<\/h3>\n\n\n\n<p>Diese WebSite verwendet den Dienst reCAPTCHA der Google Inc. (1600 Amphitheatre Parkway, Mountain View, CA 94043, USA; \u201eGoogle\u201c). Die Abfrage dient dem Zweck der Unterscheidung, ob die Eingabe durch einen Menschen oder durch automatisierte, maschinelle Verarbeitung erfolgt. Die Abfrage schliesst den Versand der IP-Adresse und ggf. weiterer von Google f\u00fcr den Dienst reCAPTCHA ben\u00f6tigter Daten an Google ein. Zu diesem Zweck wird Ihre Eingabe an Google \u00fcbermittelt und dort weiter verwendet. Ihre IP-Adresse wird von Google jedoch innerhalb von Mitgliedstaaten der Europ\u00e4ischen Union oder in anderen Vertragsstaaten des Abkommens \u00fcber den Europ\u00e4ischen Wirtschaftsraum zuvor gek\u00fcrzt. Nur in Ausnahmef\u00e4llen wird die volle IP-Adresse an einen Server von Google in den USA \u00fcbertragen und dort gek\u00fcrzt. Im Auftrag des Betreibers dieser Website wird Google diese Informationen benutzen, um Ihre Nutzung dieses Dienstes auszuwerten. Die im Rahmen von reCaptcha von Ihrem Browser \u00fcbermittelte IP-Adresse wird nicht mit anderen Daten von Google zusammengef\u00fchrt. Ihre Daten werden dabei gegebenenfalls auch in die USA \u00fcbermittelt. F\u00fcr Daten\u00fcbermittlungen in die USA ist ein Angemessenheitsbeschluss der Europ\u00e4ischen Kommission, das \u201cPrivacy Shield\u201d, vorhanden. Google nimmt am \u201cPrivacy Shield\u201d teil und hat sich den Vorgaben unterworfen. Mit Bet\u00e4tigen der Abfrage willigen Sie in die Verarbeitung Ihrer Daten ein. Die Verarbeitung erfolgt auf Grundlage des Art. 6 (1) lit. a DSGVO mit Ihrer Einwilligung. Sie k\u00f6nnen Ihre Einwilligung jederzeit widerrufen, ohne dass die Rechtm\u00e4ssigkeit der aufgrund der Einwilligung bis zum Widerruf erfolgten Verarbeitung ber\u00fchrt wird.<\/p>\n\n\n\n<p>N\u00e4here Informationen zu Google reCAPTCHA sowie die dazugeh\u00f6rige Datenschutzerkl\u00e4rung finden Sie unter:&nbsp;<a href=\"https:\/\/www.google.com\/privacy\/ads\/\" target=\"_blank\" rel=\"noreferrer noopener\">https:\/\/www.google.com\/privacy\/ads\/<\/a><\/p>\n\n\n\n<h3 class=\"wp-block-heading\">Datenschutzerkl\u00e4rung f\u00fcr Google Analytics<\/h3>\n\n\n\n<p>Diese WebSite verwendet Google Analytics, einen Webanalysedienst von Google Inc., 1600 Amphitheatre Parkway, Mountain View, CA 94043, USA. Zur Deaktivierung von Google Analytiscs stellt Google unter&nbsp;<a href=\"https:\/\/tools.google.com\/dlpage\/gaoptout?hl=de\" target=\"_blank\" rel=\"noreferrer noopener\">https:\/\/tools.google.com\/dlpage\/gaoptout?hl=de<\/a>&nbsp;ein Browser-Plug-In zur Verf\u00fcgung. Google Analytics verwendet Cookies. Das sind kleine Textdateien, die es m\u00f6glich machen, auf dem Endger\u00e4t des Nutzers spezifische, auf den Nutzer bezogene Informationen zu speichern. Diese erm\u00f6glichen eine Analyse der Nutzung unseres Websiteangebotes durch Google. Die durch den Cookie erfassten Informationen \u00fcber die Nutzung unserer Seiten (einschliesslich Ihrer IP-Adresse) werden in der Regel an einen Server von Google in den USA \u00fcbertragen und dort gespeichert. Wir weisen darauf hin, dass auf dieser Website Google Analytics um den Code \u201egat._anonymizeIp();\u201c erweitert wurde, um eine anonymisierte Erfassung von IP-Adressen (sog. IP-Masking) zu gew\u00e4hrleisten. Ist die Anonymisierung aktiv, k\u00fcrzt Google IP-Adressen innerhalb von Mitgliedstaaten der Europ\u00e4ischen Union oder in anderen Vertragsstaaten des Abkommens \u00fcber den Europ\u00e4ischen Wirtschaftsraum, weswegen keine R\u00fcckschl\u00fcsse auf Ihre Identit\u00e4t m\u00f6glich sind. Nur in Ausnahmef\u00e4llen wird die volle IP-Adresse an einen Server von Google in den USA \u00fcbertragen und dort gek\u00fcrzt. Google beachtet die Datenschutzbestimmungen des \u201ePrivacy Shield\u201c-Abkommens und ist beim \u201ePrivacy Shield\u201c-Programm des US-Handelsministeriums registriert und nutzt die gesammelten Informationen, um die Nutzung unserer Websites auszuwerten, Berichte f\u00fcr uns diesbez\u00fcglich zu verfassen und andere diesbez\u00fcgliche Dienstleistungen an uns zu erbringen. Mehr erfahren Sie unter&nbsp;<a href=\"https:\/\/support.google.com\/analytics\/answer\/6004245?hl=de\" target=\"_blank\" rel=\"noreferrer noopener\">https:\/\/support.google.com\/analytics\/answer\/6004245?hl=de<\/a>.<\/p>\n\n\n\n<h3 class=\"wp-block-heading\">Datenschutzerkl\u00e4rung f\u00fcr die Nutzung von Google Web Fonts<\/h3>\n\n\n\n<p>Diese WebSite nutzt zur einheitlichen Darstellung von Schriftarten so genannte Web Fonts, die von Google bereitgestellt werden. Beim Aufruf einer Seite l\u00e4dt Ihr Browser die ben\u00f6tigten Web Fonts in ihren Browsercache, um Texte und Schriftarten korrekt anzuzeigen. Wenn Ihr Browser Web Fonts nicht unterst\u00fctzt, wird eine Standardschrift von Ihrem Computer genutzt.<\/p>\n\n\n\n<p>Weitere Informationen zu Google Web Fonts finden Sie unter&nbsp;<a href=\"https:\/\/developers.google.com\/fonts\/faq\" target=\"_blank\" rel=\"noreferrer noopener\">https:\/\/developers.google.com\/fonts\/faq<\/a>&nbsp;und in der Datenschutzerkl\u00e4rung von Google:&nbsp;<a href=\"https:\/\/www.google.com\/policies\/privacy\/\" target=\"_blank\" rel=\"noreferrer noopener\">https:\/\/www.google.com\/policies\/privacy\/<\/a><\/p>\n\n\n\n<h3 class=\"wp-block-heading\">Datenschutzerkl\u00e4rung f\u00fcr Facebook<\/h3>\n\n\n\n<p>Diese WebSite verwendet Funktionen von Facebook Inc., 1601 S. California Ave, Palo Alto, CA 94304, USA . Bei Aufruf unserer Seiten mit Facebook-Plug-Ins wird eine Verbindung zwischen Ihrem Browser und den Servern von Facebook aufgebaut. Dabei werden bereits Daten an Facebook \u00fcbertragen. Besitzen Sie einen Facebook-Account, k\u00f6nnen diese Daten damit verkn\u00fcpft werden. Wenn Sie keine Zuordnung dieser Daten zu Ihrem Facebook-Account w\u00fcnschen, loggen Sie sich bitte vor dem Besuch unserer Seite bei Facebook aus. Interaktionen, insbesondere das Nutzen einer Kommentarfunktion oder das Anklicken eines \u201eLike\u201c- oder \u201eTeilen\u201c-Buttons werden ebenfalls an Facebook weitergegeben. Mehr erfahren Sie unter&nbsp;<a href=\"https:\/\/de-de.facebook.com\/about\/privacy\" target=\"_blank\" rel=\"noreferrer noopener\">https:\/\/de-de.facebook.com\/about\/privacy<\/a>.<\/p>\n\n\n\n<h3 class=\"wp-block-heading\">Datenschutzerkl\u00e4rung f\u00fcr Instagram<\/h3>\n\n\n\n<p>Auf unseren Seiten sind Funktionen des Dienstes Instagram eingebunden. Diese Funktionen werden angeboten durch die Instagram Inc., 1601 Willow Road, Menlo Park, CA, 94025, USA integriert. Wenn Sie in Ihrem Instagram-Account eingeloggt sind k\u00f6nnen Sie durch Anklicken des Instagram-Buttons die Inhalte unserer Seiten mit Ihrem Instagram-Profil verlinken. Dadurch kann Instagram den Besuch unserer Seiten Ihrem Benutzerkonto zuordnen. Wir weisen darauf hin, dass wir als Anbieter der Seiten keine Kenntnis vom Inhalt der u?bermittelten Daten sowie deren Nutzung durch Instagram erhalten.<\/p>\n\n\n\n<p>Weitere Informationen hierzu finden Sie in der Datenschutzerkl\u00e4rung von Instagram:&nbsp;<a href=\"https:\/\/instagram.com\/about\/legal\/privacy\/\" target=\"_blank\" rel=\"noreferrer noopener\">https:\/\/instagram.com\/about\/legal\/privacy\/<\/a><\/p>\n\n\n\n<h3 class=\"wp-block-heading\">Externe Zahlungsdienstleister<\/h3>\n\n\n\n<p>Diese WebSite setzt externe Zahlungsdienstleister ein, \u00fcber deren Plattformen die Nutzer und wir Zahlungstransaktionen vornehmen k\u00f6nnen. Zum Beispiel \u00fcber<\/p>\n\n\n\n<ul><li>PostFinance (https:\/\/www.postfinance.ch\/de\/detail\/rechtliches-barrierefreiheit.html)<\/li><li>Visa (https:\/\/www.visa.de\/nutzungsbedingungen\/visa-privacy-center.html)<\/li><li>Mastercard (https:\/\/www.mastercard.ch\/de-ch\/datenschutz.html)<\/li><li>American Express (https:\/\/www.americanexpress.com\/de\/content\/privacy-policy-statement.html)<\/li><li>Paypal (https:\/\/www.paypal.com\/de\/webapps\/mpp\/ua\/privacy-full)<\/li><li>Bexio AG (https:\/\/www.bexio.com\/de-CH\/datenschutz)<\/li><li>Payrexx AG (https:\/\/www.payrexx.ch\/site\/assets\/files\/2592\/datenschutzerklaerung.pdf)<\/li><li>Apple Pay (https:\/\/support.apple.com\/de-ch\/ht203027)<\/li><li>Stripe (https:\/\/stripe.com\/ch\/privacy)<\/li><li>Klarna (https:\/\/www.klarna.com\/de\/datenschutz\/)<\/li><li>Skrill (https:\/\/www.skrill.com\/de\/fusszeile\/datenschutzrichtlinie\/)<\/li><li>Giropay (https:\/\/www.giropay.de\/rechtliches\/datenschutz-agb\/) etc.<\/li><\/ul>\n\n\n\n<p>Im Rahmen der Erf\u00fcllung von Vertr\u00e4gen setzen wir die Zahlungsdienstleister auf Grundlage der schweizerischen Datenschutzverordnung sowie und soweit n\u00f6tig, des Art. 6 Abs. 1 lit. b. EU-DSGVO ein. Im \u00dcbrigen setzen wir externe Zahlungsdienstleister auf Grundlage unserer berechtigten Interessen gem. schweizerischer Datenschutzverordnung sowie und soweit n\u00f6tig, gem. Art. 6 Abs. 1 lit. f. EU-DSGVO ein, um unseren Nutzern effektive und sichere Zahlungsm\u00f6glichkeit zu bieten.<\/p>\n\n\n\n<p>Zu den durch die Zahlungsdienstleister verarbeiteten Daten geh\u00f6ren Bestandsdaten, wie z.B. der Name und die Adresse, Bankdaten, wie u.a. Kontonummern oder Kreditkartennummern, Passw\u00f6rter, TANs und Pr\u00fcfsummen sowie die Vertrags-, Summen und empf\u00e4ngerbezogenen Angaben. Die Angaben sind erforderlich, um die Transaktionen durchzuf\u00fchren. Die eingegebenen Daten werden jedoch nur durch die Zahlungsdienstleister verarbeitet und bei diesen gespeichert. Wir als Betreiber erhalten keinerlei Informationen zu (Bank-) Konto oder Kreditkarte, sondern lediglich Informationen zur Best\u00e4tigung (Annahme) oder Ablehnung der Zahlung. Unter Umst\u00e4nden werden die Daten seitens der Zahlungsdienstleister an Wirtschaftsauskunfteien \u00fcbermittelt. Diese \u00dcbermittlung bezweckt die Identit\u00e4ts- und Bonit\u00e4tspr\u00fcfung. Hierzu verweisen wir auf die AGB und Datenschutzhinweise der Zahlungsdienstleister.<\/p>\n\n\n\n<p>F\u00fcr die Zahlungsgesch\u00e4fte gelten die Gesch\u00e4ftsbedingungen und die Datenschutzhinweise der jeweiligen Zahlungsdienstleister, welche innerhalb der jeweiligen Website, bzw. Transaktionsapplikationen abrufbar sind. Wir verweisen auf diese ebenfalls zwecks weiterer Informationen und Geltendmachung von Widerrufs-, Auskunfts- und anderen Betroffenenrechten.<\/p>\n\n\n\n<h3 class=\"wp-block-heading\">Datenschutzerkl\u00e4rung f\u00fcr Vimeo<\/h3>\n\n\n\n<p>Auf dieser WebSite sind Plugins des Videoportals Vimeo der Vimeo, LLC, 555 West 18th Street, New York, New York 10011, USA eingebunden. Bei jedem Aufruf einer Seite, die ein oder mehrere Vimeo-Videoclips anbietet, wird eine direkte Verbindung zwischen Ihrem Browser und einem Server von Vimeo in den USA hergestellt. Dabei werden Informationen \u00fcber Ihren Besuch und Ihre IP-Adresse dort gespeichert. Durch Interaktionen mit den Vimeo Plugins (z.B. Klicken des Start-Buttons) werden diese Informationen ebenfalls an Vimeo \u00fcbermittelt und dort gespeichert. Die Datenschutzerkl\u00e4rung f\u00fcr Vimeo mit n\u00e4heren Informationen zur Erhebung und Nutzung Ihrer Daten durch Vimeo finden Sie in der&nbsp;<a href=\"https:\/\/vimeo.com\/privacy\">Datenschutzerkl\u00e4rung von Vimeo<\/a>.<\/p>\n\n\n\n<p>Wenn Sie ein Vimeo-Benutzerkonto haben und nicht m\u00f6chten, dass Vimeo \u00fcber diese Website Daten \u00fcber Sie sammelt und mit Ihren bei Vimeo gespeicherten Mitgliedsdaten verkn\u00fcpft, m\u00fcssen Sie sich vor Ihrem Besuch dieser Website bei Vimeo ausloggen.<\/p>\n\n\n\n<p>Ausserdem ruft Vimeo \u00fcber einen iFrame, in dem das Video aufgerufen wird, den Tracker Google Analytics auf. Dabei handelt es sich um ein eigenes Tracking von Vimeo, auf das wir keinen Zugriff haben. Sie k\u00f6nnen das Tracking durch Google Analytics unterbinden, indem Sie die Deaktivierungs-Tools einsetzen, die Google f\u00fcr einige Internet-Browser anbietet. Sie k\u00f6nnen dar\u00fcber hinaus die Erfassung der durch Google Analytics erzeugten und auf ihre Nutzung der Website bezogenen Daten (inkl. Ihrer IP-Adresse) an Google sowie die Verarbeitung dieser Daten durch Google verhindern, indem Sie das unter dem folgenden Link verf\u00fcgbare Browser-Plugin herunterladen und installieren:<\/p>\n\n\n\n<figure class=\"wp-block-embed\"><div class=\"wp-block-embed__wrapper\">\nhttps:\/\/tools.google.com\/dlpage\/gaoptout?hl=de\n<\/div><\/figure>\n\n\n\n<h3 class=\"wp-block-heading\">Erbringung unserer Leistungen nach Statuten<\/h3>\n\n\n\n<p>Wir verarbeiten die Daten unserer Mitglieder, Unterst\u00fctzer, Interessenten, Kunden oder sonstiger Personen gem. den datenschutzrechtlichen Bestimmungen des Bundes (Datenschutzgesetz, DSG) und der EU-DSGVO entsprechend Art. 6 Abs. 1 lit. b. DSGVO, sofern wir ihnen gegen\u00fcber vertragliche Leistungen anbieten oder im Rahmen bestehender gesch\u00e4ftlicher Beziehung, z.B. gegen\u00fcber Mitgliedern, t\u00e4tig werden oder selbst Empf\u00e4nger von Leistungen und Zuwendungen sind. Im \u00dcbrigen verarbeiten wir die Daten betroffener Personen gem. Art. 6 Abs. 1 lit. f. DSGVO auf Grundlage unserer berechtigten Interessen, z.B. wenn es sich um administrative Aufgaben oder \u00d6ffentlichkeitsarbeit handelt.<\/p>\n\n\n\n<p>Die hierbei verarbeiteten Daten, die Art, der Umfang und der Zweck und die Erforderlichkeit ihrer Verarbeitung bestimmen sich nach dem zugrundeliegenden Vertragsverh\u00e4ltnis. Dazu geh\u00f6ren grunds\u00e4tzlich Bestands- und Stammdaten der Personen (z.B., Name, Adresse, etc.), als auch die Kontaktdaten (z.B., E-Mailadresse, Telefon, etc.), die Vertragsdaten (z.B., in Anspruch genommene Leistungen, mitgeteilte Inhalte und Informationen, Namen von Kontaktpersonen) und sofern wir zahlungspflichtige Leistungen oder Produkte anbieten, Zahlungsdaten (z.B., Bankverbindung, Zahlungshistorie, etc.).<\/p>\n\n\n\n<p>Wir l\u00f6schen Daten, die zur Erbringung der statutarischen Zwecke nicht mehr erforderlich sind. Dies bestimmt sich entsprechend der jeweiligen Aufgaben und vertraglichen Beziehungen. Im Fall gesch\u00e4ftlicher Verarbeitung bewahren wir die Daten so lange auf, wie sie zur Gesch\u00e4ftsabwicklung, als auch im Hinblick auf etwaige Gew\u00e4hrleistungs- oder Haftungspflichten relevant sein k\u00f6nnen. Die Erforderlichkeit der Aufbewahrung der Daten wird in unregelm\u00e4ssigen Abst\u00e4nden \u00fcberpr\u00fcft. Im \u00dcbrigen gelten die gesetzlichen Aufbewahrungspflichten.<\/p>\n\n\n\n<h3 class=\"wp-block-heading\">Allgemeiner Haftungsausschluss<\/h3>\n\n\n\n<p>Alle Angaben unseres Internetangebotes wurden sorgf\u00e4ltig gepr\u00fcft. Wir bem\u00fchen uns, unser Informationsangebot aktuell, inhaltlich richtig und vollst\u00e4ndig anzubieten. Trotzdem kann das Auftreten von Fehlern nicht v\u00f6llig ausgeschlossen werden, womit wir keine Garantie f\u00fcr Vollst\u00e4ndigkeit, Richtigkeit und Aktualit\u00e4t von Informationen auch journalistisch-redaktioneller Art \u00fcbernehmen k\u00f6nnen. Haftungsanspr\u00fcche aus Sch\u00e4den materieller oder ideeller Art, die durch die Nutzung der angebotenen Informationen verursacht wurden, sind ausgeschlossen, sofern kein nachweislich vors\u00e4tzliches oder grob fahrl\u00e4ssiges Verschulden vorliegt.<\/p>\n\n\n\n<p>Der Herausgeber kann nach eigenem Ermessen und ohne Ank\u00fcndigung Texte ver\u00e4ndern oder l\u00f6schen und ist nicht verpflichtet, Inhalte dieser Website zu aktualisieren. Die Benutzung bzw. der Zugang zu dieser Website geschieht auf eigene Gefahr des Besuchers. Der Herausgeber, seine Auftraggeber oder Partner sind nicht verantwortlich f\u00fcr Sch\u00e4den, wie direkte, indirekte, zuf\u00e4llige, vorab konkret zu bestimmende oder Folgesch\u00e4den, die angeblich durch den Besuch dieser Website entstanden sind und \u00fcbernehmen hierf\u00fcr folglich keine Haftung.<\/p>\n\n\n\n<p>Der Herausgeber \u00fcbernimmt ebenfalls keine Verantwortung und Haftung f\u00fcr die Inhalte und die Verf\u00fcgbarkeit von Webseiten Dritter, die \u00fcber externe Links dieser Webseite erreichbar sind. F\u00fcr den Inhalt der verlinkten Seiten sind ausschliesslich deren Betreiber verantwortlich. Der Herausgeber distanziert sich damit ausdr\u00fccklich von allen Inhalten Dritter, die m\u00f6glicherweise straf- oder haftungsrechtlich relevant sind oder gegen die guten Sitten verstossen.<\/p>\n\n\n\n<h3 class=\"wp-block-heading\">\u00c4nderungen<\/h3>\n\n\n\n<p>Wir k\u00f6nnen diese Datenschutzerkl\u00e4rung jederzeit ohne Vorank\u00fcndigung anpassen. Es gilt die jeweils aktuelle, auf unserer Website publizierte Fassung. Soweit die Datenschutzerkl\u00e4rung Teil einer Vereinbarung mit Ihnen ist, werden wir Sie im Falle einer Aktualisierung \u00fcber die \u00c4nderung per E-Mail oder auf andere geeignete Weise informieren.<\/p>\n\n\n\n<h3 class=\"wp-block-heading\">Fragen an den Datenschutzbeauftragten<\/h3>\n\n\n\n<p>Wenn Sie Fragen zum Datenschutz haben, schreiben Sie uns bitte eine E-Mail oder wenden Sie sich direkt an die f\u00fcr den Datenschutz zu Beginn der Datenschutzerkl\u00e4rung aufgef\u00fchrten, verantwortlichen Person in unserer Organisation.<\/p>\n\n\n\n<p>Altst\u00e4tten, 28.04.2022<br>Quelle:&nbsp;<a rel=\"noreferrer noopener\" href=\"https:\/\/www.swissanwalt.ch\/\" target=\"_blank\">Datenschutz-Generator von SwissAnwalt<\/a><\/p>","protected":false},"excerpt":{"rendered":"<p>Verantwortliche Stelle im Sinne der Datenschutzgesetze, insbesondere der EU-Datenschutzgrundverordnung (DSGVO), ist: Samuel SignerErgeten 2730\u00a09112 Schachen b. Herisau E-Mail: info@zaememache.ch Allgemeiner Hinweis Gest\u00fctzt auf Artikel 13 der schweizerischen Bundesverfassung und die datenschutzrechtlichen Bestimmungen des Bundes (Datenschutzgesetz, DSG) hat jede Person Anspruch auf Schutz ihrer Privatsph\u00e4re sowie auf Schutz vor Missbrauch ihrer pers\u00f6nlichen Daten. Die Betreiber dieser [&hellip;]<\/p>","protected":false},"author":1,"featured_media":0,"parent":0,"menu_order":0,"comment_status":"closed","ping_status":"closed","template":"","meta":{"inline_featured_image":false,"footnotes":""},"yoast_head":"<!-- This site is optimized with the Yoast SEO plugin v19.13 - https:\/\/yoast.com\/wordpress\/plugins\/seo\/ -->\n<title>Datenschutz - Z\u00e4memache<\/title>\n<meta name=\"robots\" content=\"index, follow, max-snippet:-1, max-image-preview:large, max-video-preview:-1\" \/>\n<link rel=\"canonical\" href=\"https:\/\/zaememache.ch\/de_de\/datenschutz\/\" \/>\n<meta property=\"og:locale\" content=\"de_DE\" \/>\n<meta property=\"og:type\" content=\"article\" \/>\n<meta property=\"og:title\" content=\"Datenschutz - Z\u00e4memache\" \/>\n<meta property=\"og:description\" content=\"Verantwortliche Stelle im Sinne der Datenschutzgesetze, insbesondere der EU-Datenschutzgrundverordnung (DSGVO), ist: Samuel SignerErgeten 2730\u00a09112 Schachen b. Herisau E-Mail: info@zaememache.ch Allgemeiner Hinweis Gest\u00fctzt auf Artikel 13 der schweizerischen Bundesverfassung und die datenschutzrechtlichen Bestimmungen des Bundes (Datenschutzgesetz, DSG) hat jede Person Anspruch auf Schutz ihrer Privatsph\u00e4re sowie auf Schutz vor Missbrauch ihrer pers\u00f6nlichen Daten. Die Betreiber dieser [&hellip;]\" \/>\n<meta property=\"og:url\" content=\"https:\/\/zaememache.ch\/de_de\/datenschutz\/\" \/>\n<meta property=\"og:site_name\" content=\"Z\u00e4memache\" \/>\n<meta property=\"article:modified_time\" content=\"2022-06-20T14:16:10+00:00\" \/>\n<meta name=\"twitter:card\" content=\"summary_large_image\" \/>\n<meta name=\"twitter:label1\" content=\"Gesch\u00e4tzte Lesezeit\" \/>\n\t<meta name=\"twitter:data1\" content=\"16 Minuten\" \/>\n<script type=\"application\/ld+json\" class=\"yoast-schema-graph\">{\"@context\":\"https:\/\/schema.org\",\"@graph\":[{\"@type\":\"WebPage\",\"@id\":\"https:\/\/zaememache.ch\/datenschutz\/\",\"url\":\"https:\/\/zaememache.ch\/datenschutz\/\",\"name\":\"Datenschutz - Z\u00e4memache\",\"isPartOf\":{\"@id\":\"https:\/\/zaememache.ch\/#website\"},\"datePublished\":\"2022-06-20T14:14:56+00:00\",\"dateModified\":\"2022-06-20T14:16:10+00:00\",\"breadcrumb\":{\"@id\":\"https:\/\/zaememache.ch\/datenschutz\/#breadcrumb\"},\"inLanguage\":\"de-DE\",\"potentialAction\":[{\"@type\":\"ReadAction\",\"target\":[\"https:\/\/zaememache.ch\/datenschutz\/\"]}]},{\"@type\":\"BreadcrumbList\",\"@id\":\"https:\/\/zaememache.ch\/datenschutz\/#breadcrumb\",\"itemListElement\":[{\"@type\":\"ListItem\",\"position\":1,\"name\":\"Startseite\",\"item\":\"https:\/\/zaememache.ch\/\"},{\"@type\":\"ListItem\",\"position\":2,\"name\":\"Datenschutz\"}]},{\"@type\":\"WebSite\",\"@id\":\"https:\/\/zaememache.ch\/#website\",\"url\":\"https:\/\/zaememache.ch\/\",\"name\":\"z\u00e4memache\",\"description\":\"\",\"publisher\":{\"@id\":\"https:\/\/zaememache.ch\/#organization\"},\"potentialAction\":[{\"@type\":\"SearchAction\",\"target\":{\"@type\":\"EntryPoint\",\"urlTemplate\":\"https:\/\/zaememache.ch\/?s={search_term_string}\"},\"query-input\":\"required name=search_term_string\"}],\"inLanguage\":\"de-DE\"},{\"@type\":\"Organization\",\"@id\":\"https:\/\/zaememache.ch\/#organization\",\"name\":\"z\u00e4memache\",\"url\":\"https:\/\/zaememache.ch\/\",\"logo\":{\"@type\":\"ImageObject\",\"inLanguage\":\"de-DE\",\"@id\":\"https:\/\/zaememache.ch\/#\/schema\/logo\/image\/\",\"url\":\"https:\/\/zaememache.ch\/wp-content\/uploads\/2020\/03\/cropped-icon.png\",\"contentUrl\":\"https:\/\/zaememache.ch\/wp-content\/uploads\/2020\/03\/cropped-icon.png\",\"width\":512,\"height\":512,\"caption\":\"z\u00e4memache\"},\"image\":{\"@id\":\"https:\/\/zaememache.ch\/#\/schema\/logo\/image\/\"}}]}<\/script>\n<!-- \/ Yoast SEO plugin. -->","yoast_head_json":{"title":"Datenschutz - Z\u00e4memache","robots":{"index":"index","follow":"follow","max-snippet":"max-snippet:-1","max-image-preview":"max-image-preview:large","max-video-preview":"max-video-preview:-1"},"canonical":"https:\/\/zaememache.ch\/de_de\/datenschutz\/","og_locale":"de_DE","og_type":"article","og_title":"Datenschutz - Z\u00e4memache","og_description":"Verantwortliche Stelle im Sinne der Datenschutzgesetze, insbesondere der EU-Datenschutzgrundverordnung (DSGVO), ist: Samuel SignerErgeten 2730\u00a09112 Schachen b. Herisau E-Mail: info@zaememache.ch Allgemeiner Hinweis Gest\u00fctzt auf Artikel 13 der schweizerischen Bundesverfassung und die datenschutzrechtlichen Bestimmungen des Bundes (Datenschutzgesetz, DSG) hat jede Person Anspruch auf Schutz ihrer Privatsph\u00e4re sowie auf Schutz vor Missbrauch ihrer pers\u00f6nlichen Daten. Die Betreiber dieser [&hellip;]","og_url":"https:\/\/zaememache.ch\/de_de\/datenschutz\/","og_site_name":"Z\u00e4memache","article_modified_time":"2022-06-20T14:16:10+00:00","twitter_card":"summary_large_image","twitter_misc":{"Gesch\u00e4tzte Lesezeit":"16 Minuten"},"schema":{"@context":"https:\/\/schema.org","@graph":[{"@type":"WebPage","@id":"https:\/\/zaememache.ch\/datenschutz\/","url":"https:\/\/zaememache.ch\/datenschutz\/","name":"Datenschutz - Z\u00e4memache","isPartOf":{"@id":"https:\/\/zaememache.ch\/#website"},"datePublished":"2022-06-20T14:14:56+00:00","dateModified":"2022-06-20T14:16:10+00:00","breadcrumb":{"@id":"https:\/\/zaememache.ch\/datenschutz\/#breadcrumb"},"inLanguage":"de-DE","potentialAction":[{"@type":"ReadAction","target":["https:\/\/zaememache.ch\/datenschutz\/"]}]},{"@type":"BreadcrumbList","@id":"https:\/\/zaememache.ch\/datenschutz\/#breadcrumb","itemListElement":[{"@type":"ListItem","position":1,"name":"Startseite","item":"https:\/\/zaememache.ch\/"},{"@type":"ListItem","position":2,"name":"Datenschutz"}]},{"@type":"WebSite","@id":"https:\/\/zaememache.ch\/#website","url":"https:\/\/zaememache.ch\/","name":"z\u00e4memache","description":"","publisher":{"@id":"https:\/\/zaememache.ch\/#organization"},"potentialAction":[{"@type":"SearchAction","target":{"@type":"EntryPoint","urlTemplate":"https:\/\/zaememache.ch\/?s={search_term_string}"},"query-input":"required name=search_term_string"}],"inLanguage":"de-DE"},{"@type":"Organization","@id":"https:\/\/zaememache.ch\/#organization","name":"z\u00e4memache","url":"https:\/\/zaememache.ch\/","logo":{"@type":"ImageObject","inLanguage":"de-DE","@id":"https:\/\/zaememache.ch\/#\/schema\/logo\/image\/","url":"https:\/\/zaememache.ch\/wp-content\/uploads\/2020\/03\/cropped-icon.png","contentUrl":"https:\/\/zaememache.ch\/wp-content\/uploads\/2020\/03\/cropped-icon.png","width":512,"height":512,"caption":"z\u00e4memache"},"image":{"@id":"https:\/\/zaememache.ch\/#\/schema\/logo\/image\/"}}]}},"_links":{"self":[{"href":"https:\/\/zaememache.ch\/de_de\/wp-json\/wp\/v2\/pages\/2557"}],"collection":[{"href":"https:\/\/zaememache.ch\/de_de\/wp-json\/wp\/v2\/pages"}],"about":[{"href":"https:\/\/zaememache.ch\/de_de\/wp-json\/wp\/v2\/types\/page"}],"author":[{"embeddable":true,"href":"https:\/\/zaememache.ch\/de_de\/wp-json\/wp\/v2\/users\/1"}],"replies":[{"embeddable":true,"href":"https:\/\/zaememache.ch\/de_de\/wp-json\/wp\/v2\/comments?post=2557"}],"version-history":[{"count":2,"href":"https:\/\/zaememache.ch\/de_de\/wp-json\/wp\/v2\/pages\/2557\/revisions"}],"predecessor-version":[{"id":2561,"href":"https:\/\/zaememache.ch\/de_de\/wp-json\/wp\/v2\/pages\/2557\/revisions\/2561"}],"wp:attachment":[{"href":"https:\/\/zaememache.ch\/de_de\/wp-json\/wp\/v2\/media?parent=2557"}],"curies":[{"name":"wp","href":"https:\/\/api.w.org\/{rel}","templated":true}]}}