{"id":304,"date":"2020-03-04T06:23:44","date_gmt":"2020-03-04T06:23:44","guid":{"rendered":"http:\/\/source.wpopal.com\/winwood\/?page_id=304"},"modified":"2022-08-31T20:43:28","modified_gmt":"2022-08-31T20:43:28","slug":"uf-de-punkt","status":"publish","type":"page","link":"https:\/\/zaememache.ch\/de_de\/uf-de-punkt\/","title":{"rendered":"auf den Punkt"},"content":{"rendered":"<div data-elementor-type=\"wp-page\" data-elementor-id=\"304\" class=\"elementor elementor-304\">\n\t\t\t\t\t\t\t\t\t<section class=\"elementor-section elementor-top-section elementor-element elementor-element-40bee6bf elementor-section-stretched elementor-section-boxed elementor-section-height-default elementor-section-height-default\" data-id=\"40bee6bf\" data-element_type=\"section\" data-settings=\"{&quot;stretch_section&quot;:&quot;section-stretched&quot;,&quot;background_background&quot;:&quot;classic&quot;}\">\n\t\t\t\t\t\t\t<div class=\"elementor-background-overlay\"><\/div>\n\t\t\t\t\t\t\t<div class=\"elementor-container elementor-column-gap-no\">\n\t\t\t\t\t<div class=\"elementor-column elementor-col-100 elementor-top-column elementor-element elementor-element-6aacf490\" data-id=\"6aacf490\" data-element_type=\"column\">\n\t\t\t<div class=\"elementor-widget-wrap elementor-element-populated\">\n\t\t\t\t\t\t\t\t<div class=\"elementor-element elementor-element-4541aef1 elementor-widget elementor-widget-heading\" data-id=\"4541aef1\" data-element_type=\"widget\" data-widget_type=\"heading.default\">\n\t\t\t\t<div class=\"elementor-widget-container\">\n\t\t\t<style>\/*! elementor - v3.16.0 - 20-09-2023 *\/\n.elementor-heading-title{padding:0;margin:0;line-height:1}.elementor-widget-heading .elementor-heading-title[class*=elementor-size-]>a{color:inherit;font-size:inherit;line-height:inherit}.elementor-widget-heading .elementor-heading-title.elementor-size-small{font-size:15px}.elementor-widget-heading .elementor-heading-title.elementor-size-medium{font-size:19px}.elementor-widget-heading .elementor-heading-title.elementor-size-large{font-size:29px}.elementor-widget-heading .elementor-heading-title.elementor-size-xl{font-size:39px}.elementor-widget-heading .elementor-heading-title.elementor-size-xxl{font-size:59px}<\/style><h2 class=\"elementor-heading-title elementor-size-default\">Ausbilden und Weiterbringen<\/h2>\t\t<\/div>\n\t\t\t\t<\/div>\n\t\t\t\t<div class=\"elementor-element elementor-element-575ab87c elementor-widget elementor-widget-text-editor\" data-id=\"575ab87c\" data-element_type=\"widget\" data-widget_type=\"text-editor.default\">\n\t\t\t\t<div class=\"elementor-widget-container\">\n\t\t\t<style>\/*! elementor - v3.16.0 - 20-09-2023 *\/\n.elementor-widget-text-editor.elementor-drop-cap-view-stacked .elementor-drop-cap{background-color:#69727d;color:#fff}.elementor-widget-text-editor.elementor-drop-cap-view-framed .elementor-drop-cap{color:#69727d;border:3px solid;background-color:transparent}.elementor-widget-text-editor:not(.elementor-drop-cap-view-default) .elementor-drop-cap{margin-top:8px}.elementor-widget-text-editor:not(.elementor-drop-cap-view-default) .elementor-drop-cap-letter{width:1em;height:1em}.elementor-widget-text-editor .elementor-drop-cap{float:left;text-align:center;line-height:1;font-size:50px}.elementor-widget-text-editor .elementor-drop-cap-letter{display:inline-block}<\/style>\t\t\t\t<p>Seit 23 Jahren bin ich als Erwachsenenbilner t\u00e4tig und gebe meine Erfahrungen sehr gerne praxisbezogen und lebendig weiter.<br \/>In der Ausbildung ist mir wichtig, dass die Teilnehmenden die Inhalte verstehen und somit Zusammenh\u00e4nge sp\u00e4ter selber nachvollziehen k\u00f6nnen. So k\u00f6nnen sie sich sp\u00e4ter selber weiterentwickeln.<\/p>\t\t\t\t\t\t<\/div>\n\t\t\t\t<\/div>\n\t\t\t\t<div class=\"elementor-element elementor-element-337382f2 elementor-view-default elementor-widget elementor-widget-icon\" data-id=\"337382f2\" data-element_type=\"widget\" data-widget_type=\"icon.default\">\n\t\t\t\t<div class=\"elementor-widget-container\">\n\t\t\t\t\t<div class=\"elementor-icon-wrapper\">\n\t\t\t<div class=\"elementor-icon\">\n\t\t\t<i aria-hidden=\"true\" class=\"winwood-icon- winwood-icon-title-decor\"><\/i>\t\t\t<\/div>\n\t\t<\/div>\n\t\t\t\t<\/div>\n\t\t\t\t<\/div>\n\t\t\t\t<section class=\"elementor-section elementor-inner-section elementor-element elementor-element-15907793 elementor-section-boxed elementor-section-height-default elementor-section-height-default\" data-id=\"15907793\" data-element_type=\"section\">\n\t\t\t\t\t\t<div class=\"elementor-container elementor-column-gap-default\">\n\t\t\t\t\t<div class=\"elementor-column elementor-col-33 elementor-inner-column elementor-element elementor-element-9c2dede\" data-id=\"9c2dede\" data-element_type=\"column\">\n\t\t\t<div class=\"elementor-widget-wrap elementor-element-populated\">\n\t\t\t\t\t\t\t\t<div class=\"elementor-element elementor-element-1b2d8df2 elementor-widget elementor-widget-emage_hover_effects\" data-id=\"1b2d8df2\" data-element_type=\"widget\" data-widget_type=\"emage_hover_effects.default\">\n\t\t\t\t<div class=\"elementor-widget-container\">\n\t\t\t\r\n\t\t\t<div class=\"imghvr-wrapper\">\r\n\t\t\t\t<div class=\"imghvr\">\r\n\t\t\t\t\t\t\t\t\t\t<div class=\"imghvr-overlay imghvr-anim-zoom-in-alt imghvr-anim-single\">\r\n\t\t\t\t\t\t<div><\/div>\r\n\t\t\t\t\t<\/div>\r\n\t\t\t\t\t\t\t\t\t\t<div class=\"imghvr-content-wrapper imghvr-content-center imghvr-anim-fade-in\">\r\n\t\t\t\t\t\t\t\t\t\t\t\t\r\n\t\t\t\t<div class=\"imghvr-title ih-delay-zero imghvr-anim-none\"> <\/div>\r\n\r\n\t\t\t\t\t\t\t\t\t\t\t\t\t\t\t<\/div>\r\n\t\t\t\t\t<img loading=\"lazy\" width=\"980\" height=\"693\" src=\"https:\/\/zaememache.ch\/wp-content\/uploads\/2022\/05\/Visualisieren_1-1024x724.png\" class=\"imghvr-anim-none imghvr-anim-none imghvr-anim-swap attachment-large size-large wp-image-2474\" alt=\"\" decoding=\"async\" srcset=\"https:\/\/zaememache.ch\/wp-content\/uploads\/2022\/05\/Visualisieren_1-1024x724.png 1024w, https:\/\/zaememache.ch\/wp-content\/uploads\/2022\/05\/Visualisieren_1-300x212.png 300w, https:\/\/zaememache.ch\/wp-content\/uploads\/2022\/05\/Visualisieren_1-768x543.png 768w, https:\/\/zaememache.ch\/wp-content\/uploads\/2022\/05\/Visualisieren_1.png 1500w\" sizes=\"(max-width: 980px) 100vw, 980px\" \/>\t\t\t\t<\/div>\r\n\t\t\t<\/div>\r\n\r\n\t\t\t\t\t<\/div>\n\t\t\t\t<\/div>\n\t\t\t\t<div class=\"elementor-element elementor-element-29508c4a elementor-widget elementor-widget-heading\" data-id=\"29508c4a\" data-element_type=\"widget\" data-widget_type=\"heading.default\">\n\t\t\t\t<div class=\"elementor-widget-container\">\n\t\t\t<h2 class=\"elementor-heading-title elementor-size-default\">Visualisieren<\/h2>\t\t<\/div>\n\t\t\t\t<\/div>\n\t\t\t\t<div class=\"elementor-element elementor-element-63b864a5 elementor-widget elementor-widget-heading\" data-id=\"63b864a5\" data-element_type=\"widget\" data-widget_type=\"heading.default\">\n\t\t\t\t<div class=\"elementor-widget-container\">\n\t\t\t<h5 class=\"elementor-heading-title elementor-size-default\">Wer es in unserer digitalen Welt schaft, Menschen mit Bildern zu ber\u00fchren, gewinnt.\n\nPowerPoint-Schlachten, fehlende Vorbereitung und Struktur von Meetings kosten uns t\u00e4glich Zeit, Nerven und Geld.\n\nEine zeitgem\u00e4sse Moderation mit Bildern, Gedankenskizzen und Struktur erh\u00f6ht das Verst\u00e4ndnis. Komplexe Themen und abstrakte Gedanken werden mit Bildern verst\u00e4ndlich und unterst\u00fctzen somit die Entscheidungsfindung.\n\nSchaff Klarheit - schaff Bilder\n<\/h5>\t\t<\/div>\n\t\t\t\t<\/div>\n\t\t\t\t\t<\/div>\n\t\t<\/div>\n\t\t\t\t<div class=\"elementor-column elementor-col-33 elementor-inner-column elementor-element elementor-element-2753c055\" data-id=\"2753c055\" data-element_type=\"column\">\n\t\t\t<div class=\"elementor-widget-wrap elementor-element-populated\">\n\t\t\t\t\t\t\t\t<div class=\"elementor-element elementor-element-159786e5 elementor-widget elementor-widget-emage_hover_effects\" data-id=\"159786e5\" data-element_type=\"widget\" data-widget_type=\"emage_hover_effects.default\">\n\t\t\t\t<div class=\"elementor-widget-container\">\n\t\t\t\r\n\t\t\t<div class=\"imghvr-wrapper\">\r\n\t\t\t\t<div class=\"imghvr\">\r\n\t\t\t\t\t\t\t\t\t\t<div class=\"imghvr-overlay imghvr-anim-zoom-in-alt imghvr-anim-single\">\r\n\t\t\t\t\t\t<div><\/div>\r\n\t\t\t\t\t<\/div>\r\n\t\t\t\t\t\t\t\t\t\t<div class=\"imghvr-content-wrapper imghvr-content-center imghvr-anim-fade-in\">\r\n\t\t\t\t\t\t\t\t\t\t\t\t\r\n\t\t\t\t<div class=\"imghvr-title ih-delay-zero imghvr-anim-none\"> <\/div>\r\n\r\n\t\t\t\t\t\t\t\t\t\t\t\t\t\t\t<\/div>\r\n\t\t\t\t\t<img loading=\"lazy\" width=\"980\" height=\"694\" src=\"https:\/\/zaememache.ch\/wp-content\/uploads\/2022\/05\/Fuehren_1-1024x725.png\" class=\"imghvr-anim-none imghvr-anim-none imghvr-anim-swap attachment-large size-large wp-image-2479\" alt=\"\" decoding=\"async\" srcset=\"https:\/\/zaememache.ch\/wp-content\/uploads\/2022\/05\/Fuehren_1-1024x725.png 1024w, https:\/\/zaememache.ch\/wp-content\/uploads\/2022\/05\/Fuehren_1-300x212.png 300w, https:\/\/zaememache.ch\/wp-content\/uploads\/2022\/05\/Fuehren_1-768x543.png 768w, https:\/\/zaememache.ch\/wp-content\/uploads\/2022\/05\/Fuehren_1-1536x1087.png 1536w, https:\/\/zaememache.ch\/wp-content\/uploads\/2022\/05\/Fuehren_1-2048x1449.png 2048w\" sizes=\"(max-width: 980px) 100vw, 980px\" \/>\t\t\t\t<\/div>\r\n\t\t\t<\/div>\r\n\r\n\t\t\t\t\t<\/div>\n\t\t\t\t<\/div>\n\t\t\t\t<div class=\"elementor-element elementor-element-2f8df347 elementor-widget elementor-widget-heading\" data-id=\"2f8df347\" data-element_type=\"widget\" data-widget_type=\"heading.default\">\n\t\t\t\t<div class=\"elementor-widget-container\">\n\t\t\t<h2 class=\"elementor-heading-title elementor-size-default\">F\u00fchren von Menschen <\/h2>\t\t<\/div>\n\t\t\t\t<\/div>\n\t\t\t\t<div class=\"elementor-element elementor-element-24c163a7 elementor-widget elementor-widget-heading\" data-id=\"24c163a7\" data-element_type=\"widget\" data-widget_type=\"heading.default\">\n\t\t\t\t<div class=\"elementor-widget-container\">\n\t\t\t<h5 class=\"elementor-heading-title elementor-size-default\">Das Gleichgewicht zwischen Auftrag, Erfolg und der Menschen zu halten, ist oft nicht ganz einfach. \nWie Theorie und Praxis in diesem Spannungsfeld umgesetzt werden k\u00f6nnen, erfahren Sie in meinem Kurs, welcher nat\u00fcrlich auf Sie, Ihre Bed\u00fcrfnisse und T\u00e4tigkeiten zugeschnitten wird.\nErleben Sie anhand praktischer beispiele, wie ein Chef zum Br\u00fcckenbauer und Kapit\u00e4n w\u00e4chst.\n<\/h5>\t\t<\/div>\n\t\t\t\t<\/div>\n\t\t\t\t\t<\/div>\n\t\t<\/div>\n\t\t\t\t<div class=\"elementor-column elementor-col-33 elementor-inner-column elementor-element elementor-element-51a11908\" data-id=\"51a11908\" data-element_type=\"column\">\n\t\t\t<div class=\"elementor-widget-wrap elementor-element-populated\">\n\t\t\t\t\t\t\t\t<div class=\"elementor-element elementor-element-592f4044 elementor-widget elementor-widget-emage_hover_effects\" data-id=\"592f4044\" data-element_type=\"widget\" data-widget_type=\"emage_hover_effects.default\">\n\t\t\t\t<div class=\"elementor-widget-container\">\n\t\t\t\r\n\t\t\t<div class=\"imghvr-wrapper\">\r\n\t\t\t\t<div class=\"imghvr\">\r\n\t\t\t\t\t\t\t\t\t\t<div class=\"imghvr-overlay imghvr-anim-zoom-in-alt imghvr-anim-single\">\r\n\t\t\t\t\t\t<div><\/div>\r\n\t\t\t\t\t<\/div>\r\n\t\t\t\t\t\t\t\t\t\t<div class=\"imghvr-content-wrapper imghvr-content-center imghvr-anim-fade-in\">\r\n\t\t\t\t\t\t\t\t\t\t\t\t\r\n\t\t\t\t<div class=\"imghvr-title ih-delay-zero imghvr-anim-none\"> <\/div>\r\n\r\n\t\t\t\t\t\t\t\t\t\t\t\t\t\t\t<\/div>\r\n\t\t\t\t\t<img loading=\"lazy\" width=\"980\" height=\"694\" src=\"https:\/\/zaememache.ch\/wp-content\/uploads\/2022\/05\/Gruppendynamik_1-1024x725.jpg\" class=\"imghvr-anim-none imghvr-anim-none imghvr-anim-swap attachment-large size-large wp-image-2481\" alt=\"\" decoding=\"async\" srcset=\"https:\/\/zaememache.ch\/wp-content\/uploads\/2022\/05\/Gruppendynamik_1-1024x725.jpg 1024w, https:\/\/zaememache.ch\/wp-content\/uploads\/2022\/05\/Gruppendynamik_1-300x212.jpg 300w, https:\/\/zaememache.ch\/wp-content\/uploads\/2022\/05\/Gruppendynamik_1-768x544.jpg 768w, https:\/\/zaememache.ch\/wp-content\/uploads\/2022\/05\/Gruppendynamik_1-1536x1087.jpg 1536w, https:\/\/zaememache.ch\/wp-content\/uploads\/2022\/05\/Gruppendynamik_1-2048x1450.jpg 2048w\" sizes=\"(max-width: 980px) 100vw, 980px\" \/>\t\t\t\t<\/div>\r\n\t\t\t<\/div>\r\n\r\n\t\t\t\t\t<\/div>\n\t\t\t\t<\/div>\n\t\t\t\t<div class=\"elementor-element elementor-element-38968561 elementor-widget elementor-widget-heading\" data-id=\"38968561\" data-element_type=\"widget\" data-widget_type=\"heading.default\">\n\t\t\t\t<div class=\"elementor-widget-container\">\n\t\t\t<h2 class=\"elementor-heading-title elementor-size-default\">Teambildung und -entwicklung<\/h2>\t\t<\/div>\n\t\t\t\t<\/div>\n\t\t\t\t<div class=\"elementor-element elementor-element-2c8e40ad elementor-widget elementor-widget-heading\" data-id=\"2c8e40ad\" data-element_type=\"widget\" data-widget_type=\"heading.default\">\n\t\t\t\t<div class=\"elementor-widget-container\">\n\t\t\t<h5 class=\"elementor-heading-title elementor-size-default\">Die Natur gibt uns Bodenhaftung, innere Ruhe und Kraft. Diese positive Umgebung m\u00f6chten wir ausnutzen, um mit ihrem Team Erlebnisse, Herausforderungen und Erfolge zu schaffen. In der Natur gross geworden und mit ihr sehr verbunden, werde ich mit ihnen in den Wald eintauchen. Dabei erleben Sie viele wunderbare Facetten der Natur, Achtsamkeit auf sich und die Gruppe. \n\nGemeinsam schaffen wir ein unvergessliches Abenteuer.<\/h5>\t\t<\/div>\n\t\t\t\t<\/div>\n\t\t\t\t\t<\/div>\n\t\t<\/div>\n\t\t\t\t\t\t\t<\/div>\n\t\t<\/section>\n\t\t\t\t\t<\/div>\n\t\t<\/div>\n\t\t\t\t\t\t\t<\/div>\n\t\t<\/section>\n\t\t\t\t<section class=\"elementor-section elementor-top-section elementor-element elementor-element-ad8992b elementor-section-boxed elementor-section-height-default elementor-section-height-default\" data-id=\"ad8992b\" data-element_type=\"section\">\n\t\t\t\t\t\t<div class=\"elementor-container elementor-column-gap-default\">\n\t\t\t\t\t<div class=\"elementor-column elementor-col-100 elementor-top-column elementor-element elementor-element-9f7d25a\" data-id=\"9f7d25a\" data-element_type=\"column\">\n\t\t\t<div class=\"elementor-widget-wrap elementor-element-populated\">\n\t\t\t\t\t\t\t\t<section class=\"elementor-section elementor-inner-section elementor-element elementor-element-1a5ce45 elementor-section-height-min-height elementor-section-boxed elementor-section-height-default\" data-id=\"1a5ce45\" data-element_type=\"section\">\n\t\t\t\t\t\t<div class=\"elementor-container elementor-column-gap-default\">\n\t\t\t\t\t<div class=\"elementor-column elementor-col-50 elementor-inner-column elementor-element elementor-element-9529e62\" data-id=\"9529e62\" data-element_type=\"column\">\n\t\t\t<div class=\"elementor-widget-wrap elementor-element-populated\">\n\t\t\t\t\t\t\t\t<div class=\"elementor-element elementor-element-c81a4c5 elementor-widget elementor-widget-image\" data-id=\"c81a4c5\" data-element_type=\"widget\" data-widget_type=\"image.default\">\n\t\t\t\t<div class=\"elementor-widget-container\">\n\t\t\t<style>\/*! elementor - v3.16.0 - 20-09-2023 *\/\n.elementor-widget-image{text-align:center}.elementor-widget-image a{display:inline-block}.elementor-widget-image a img[src$=\".svg\"]{width:48px}.elementor-widget-image img{vertical-align:middle;display:inline-block}<\/style>\t\t\t\t\t\t\t\t\t\t\t\t<img decoding=\"async\" loading=\"lazy\" width=\"500\" height=\"330\" src=\"https:\/\/zaememache.ch\/wp-content\/uploads\/2022\/08\/Front-500x330.jpg\" class=\"attachment-winwood-post-grid size-winwood-post-grid wp-image-2880\" alt=\"\" srcset=\"https:\/\/zaememache.ch\/wp-content\/uploads\/2022\/08\/Front-500x330.jpg 500w, https:\/\/zaememache.ch\/wp-content\/uploads\/2022\/08\/Front-18x12.jpg 18w\" sizes=\"(max-width: 500px) 100vw, 500px\" \/>\t\t\t\t\t\t\t\t\t\t\t\t\t\t\t<\/div>\n\t\t\t\t<\/div>\n\t\t\t\t\t<\/div>\n\t\t<\/div>\n\t\t\t\t<div class=\"elementor-column elementor-col-50 elementor-inner-column elementor-element elementor-element-626fedd\" data-id=\"626fedd\" data-element_type=\"column\">\n\t\t\t<div class=\"elementor-widget-wrap elementor-element-populated\">\n\t\t\t\t\t\t\t\t<div class=\"elementor-element elementor-element-8fe9bd7 elementor-widget elementor-widget-text-editor\" data-id=\"8fe9bd7\" data-element_type=\"widget\" data-widget_type=\"text-editor.default\">\n\t\t\t\t<div class=\"elementor-widget-container\">\n\t\t\t\t\t\t\t<h5 style=\"text-align: left;\"><span style=\"color: #00ccff;\">Visualisieren in jeglicher Form - f\u00f6rdert die Kreativit\u00e4t - erleichtert \ndas Verst\u00e4ndnis - spricht Zuh\u00f6rende an - spart Zeit - vermeidet Missverst\u00e4ndnisse - gibt klare Aussagen, L\u00f6sungen und Struktur - \nmacht Spass<\/span><\/h5><h6>Modul Grundlagen\t(2 Stunden)<br \/>Werkzeuge, Materialien, Techniken, Farben, einfache Figuren<\/h6>\t\t\t\t\t\t<\/div>\n\t\t\t\t<\/div>\n\t\t\t\t\t<\/div>\n\t\t<\/div>\n\t\t\t\t\t\t\t<\/div>\n\t\t<\/section>\n\t\t\t\t\t<\/div>\n\t\t<\/div>\n\t\t\t\t\t\t\t<\/div>\n\t\t<\/section>\n\t\t\t\t<section class=\"elementor-section elementor-top-section elementor-element elementor-element-e7d0393 elementor-section-boxed elementor-section-height-default elementor-section-height-default\" data-id=\"e7d0393\" data-element_type=\"section\">\n\t\t\t\t\t\t<div class=\"elementor-container elementor-column-gap-default\">\n\t\t\t\t\t<div class=\"elementor-column elementor-col-100 elementor-top-column elementor-element elementor-element-bb96c7f\" data-id=\"bb96c7f\" data-element_type=\"column\">\n\t\t\t<div class=\"elementor-widget-wrap elementor-element-populated\">\n\t\t\t\t\t\t\t\t<div class=\"elementor-element elementor-element-3ed5b0c elementor-widget elementor-widget-text-editor\" data-id=\"3ed5b0c\" data-element_type=\"widget\" data-widget_type=\"text-editor.default\">\n\t\t\t\t<div class=\"elementor-widget-container\">\n\t\t\t\t\t\t\t<h5><span style=\"color: #00ccff;\">Die folgenden Module werden individuell auf die Bed\u00fcrfnisse des Kunden angepasst<\/span><\/h5>\n<h6>Modul Prozesse &amp; Abl\u00e4ufe (~2.5 Stunden)<br>Darstellungsvarianten, Abl\u00e4ufe und Standards, Erarbeitungstechniken<br>OPTION: Begleitung bei der Erarbeitung von Prozessen<\/h6>\n<h6>Modul Projekte (~2.5 Stunden)<br>Projekt-Modelle, Erarbeitungsvarianten, Visualisierungsm\u00f6glichkeiten, Fortschritts\u00fcbersichten<br>OPTION: Projekt-Begleitung<\/h6>\n<h6>Modul L\u00f6sungsfindung (~2.5 Stunden)<br>Zieldefinition, Techniken zur L\u00f6sungsfindung, strukturiertes Vorgehen, Darstellungsm\u00f6glichkeiten<\/h6>\n<h6><span style=\"color: #000000; font-family: Viga, HelveticaNeue-Light, 'Helvetica Neue Light', 'Helvetica Neue', Helvetica, Arial, 'Lucida Grande', sans-serif; font-size: 1em;\">Modul Vortragen &amp; Pr\u00e4sentieren (~2.5 Stunden)<br><\/span><span style=\"color: #000000; font-family: Viga, HelveticaNeue-Light, 'Helvetica Neue Light', 'Helvetica Neue', Helvetica, Arial, 'Lucida Grande', sans-serif; font-size: 1em;\">Pr\u00e4sentationstechniken\/-varianten, Kombination von digital und analog,&nbsp;<\/span><span style=\"color: #000000; font-family: Viga, HelveticaNeue-Light, 'Helvetica Neue Light', 'Helvetica Neue', Helvetica, Arial, 'Lucida Grande', sans-serif; font-size: 1em;\">ansprechende Plakate<\/span><\/h6>\n<h6>Modul Key Point &amp; Zusammenfassung (~2.5 Stunden)<br>Erkennen von Schl\u00fcsselaussagen, erkennen vom Wesentlichen, verst\u00e4ndliche Darstellung<br>OPTION: Erstellen von Key Point Cards<\/h6>\n<h6>Modul Meetings &amp; Sitzungen\t(~2.5 Stunden)<br>Struktur = Effizienz, Toolbox f\u00fcr erfolgreiche Treffen, gemeinsam ans Ziel, \nZiele definieren<\/h6>\t\t\t\t\t\t<\/div>\n\t\t\t\t<\/div>\n\t\t\t\t\t<\/div>\n\t\t<\/div>\n\t\t\t\t\t\t\t<\/div>\n\t\t<\/section>\n\t\t\t\t\t\t\t<\/div>","protected":false},"excerpt":{"rendered":"<p>Usbilde ond Witerbringe Sit 23 Johr bin i als Erwachsenebildner t\u00e4tig ond gebe mini Erfahrige sehr gern praxisbezoge ond lebendig wieter.Bim Usbilde isch mer wichtig, dass di Teilnehmende d&#8217;Inhalt verst\u00f6nd ond somit Z\u00e4meh\u00e4ng sp\u00f6ter selber ch\u00f6nd novollz\u00fcche \u2013 ond sich so entwickle ch\u00f6nd. Visualisiere Wer\u2019s i \u00fcsere digitale Welt schafft, Mensche mit Bilder z&#8217;ber\u00fchere, gw\u00f6nnt. [&hellip;]<\/p>","protected":false},"author":1,"featured_media":0,"parent":0,"menu_order":0,"comment_status":"closed","ping_status":"closed","template":"","meta":{"inline_featured_image":false,"footnotes":""},"yoast_head":"<!-- This site is optimized with the Yoast SEO plugin v19.13 - https:\/\/yoast.com\/wordpress\/plugins\/seo\/ -->\n<title>uf de Punkt - Z\u00e4memache<\/title>\n<meta name=\"robots\" content=\"index, follow, max-snippet:-1, max-image-preview:large, max-video-preview:-1\" \/>\n<link rel=\"canonical\" href=\"https:\/\/zaememache.ch\/de_de\/uf-de-punkt\/\" \/>\n<meta property=\"og:locale\" content=\"de_DE\" \/>\n<meta property=\"og:type\" content=\"article\" \/>\n<meta property=\"og:title\" content=\"uf de Punkt - Z\u00e4memache\" \/>\n<meta property=\"og:description\" content=\"Usbilde ond Witerbringe Sit 23 Johr bin i als Erwachsenebildner t\u00e4tig ond gebe mini Erfahrige sehr gern praxisbezoge ond lebendig wieter.Bim Usbilde isch mer wichtig, dass di Teilnehmende d&#8217;Inhalt verst\u00f6nd ond somit Z\u00e4meh\u00e4ng sp\u00f6ter selber ch\u00f6nd novollz\u00fcche \u2013 ond sich so entwickle ch\u00f6nd. Visualisiere Wer\u2019s i \u00fcsere digitale Welt schafft, Mensche mit Bilder z&#8217;ber\u00fchere, gw\u00f6nnt. [&hellip;]\" \/>\n<meta property=\"og:url\" content=\"https:\/\/zaememache.ch\/de_de\/uf-de-punkt\/\" \/>\n<meta property=\"og:site_name\" content=\"Z\u00e4memache\" \/>\n<meta property=\"article:modified_time\" content=\"2022-08-31T20:43:28+00:00\" \/>\n<meta property=\"og:image\" content=\"https:\/\/zaememache.ch\/wp-content\/uploads\/2022\/05\/Visualisieren_1-1024x724.png\" \/>\n<meta name=\"twitter:card\" content=\"summary_large_image\" \/>\n<meta name=\"twitter:label1\" content=\"Gesch\u00e4tzte Lesezeit\" \/>\n\t<meta name=\"twitter:data1\" content=\"2 Minuten\" \/>\n<script type=\"application\/ld+json\" class=\"yoast-schema-graph\">{\"@context\":\"https:\/\/schema.org\",\"@graph\":[{\"@type\":\"WebPage\",\"@id\":\"https:\/\/zaememache.ch\/uf-de-punkt\/\",\"url\":\"https:\/\/zaememache.ch\/uf-de-punkt\/\",\"name\":\"uf de Punkt - Z\u00e4memache\",\"isPartOf\":{\"@id\":\"https:\/\/zaememache.ch\/#website\"},\"datePublished\":\"2020-03-04T06:23:44+00:00\",\"dateModified\":\"2022-08-31T20:43:28+00:00\",\"breadcrumb\":{\"@id\":\"https:\/\/zaememache.ch\/uf-de-punkt\/#breadcrumb\"},\"inLanguage\":\"de-DE\",\"potentialAction\":[{\"@type\":\"ReadAction\",\"target\":[\"https:\/\/zaememache.ch\/uf-de-punkt\/\"]}]},{\"@type\":\"BreadcrumbList\",\"@id\":\"https:\/\/zaememache.ch\/uf-de-punkt\/#breadcrumb\",\"itemListElement\":[{\"@type\":\"ListItem\",\"position\":1,\"name\":\"Startseite\",\"item\":\"https:\/\/zaememache.ch\/\"},{\"@type\":\"ListItem\",\"position\":2,\"name\":\"uf de Punkt\"}]},{\"@type\":\"WebSite\",\"@id\":\"https:\/\/zaememache.ch\/#website\",\"url\":\"https:\/\/zaememache.ch\/\",\"name\":\"z\u00e4memache\",\"description\":\"\",\"publisher\":{\"@id\":\"https:\/\/zaememache.ch\/#organization\"},\"potentialAction\":[{\"@type\":\"SearchAction\",\"target\":{\"@type\":\"EntryPoint\",\"urlTemplate\":\"https:\/\/zaememache.ch\/?s={search_term_string}\"},\"query-input\":\"required name=search_term_string\"}],\"inLanguage\":\"de-DE\"},{\"@type\":\"Organization\",\"@id\":\"https:\/\/zaememache.ch\/#organization\",\"name\":\"z\u00e4memache\",\"url\":\"https:\/\/zaememache.ch\/\",\"logo\":{\"@type\":\"ImageObject\",\"inLanguage\":\"de-DE\",\"@id\":\"https:\/\/zaememache.ch\/#\/schema\/logo\/image\/\",\"url\":\"https:\/\/zaememache.ch\/wp-content\/uploads\/2020\/03\/cropped-icon.png\",\"contentUrl\":\"https:\/\/zaememache.ch\/wp-content\/uploads\/2020\/03\/cropped-icon.png\",\"width\":512,\"height\":512,\"caption\":\"z\u00e4memache\"},\"image\":{\"@id\":\"https:\/\/zaememache.ch\/#\/schema\/logo\/image\/\"}}]}<\/script>\n<!-- \/ Yoast SEO plugin. -->","yoast_head_json":{"title":"uf de Punkt - Z\u00e4memache","robots":{"index":"index","follow":"follow","max-snippet":"max-snippet:-1","max-image-preview":"max-image-preview:large","max-video-preview":"max-video-preview:-1"},"canonical":"https:\/\/zaememache.ch\/de_de\/uf-de-punkt\/","og_locale":"de_DE","og_type":"article","og_title":"uf de Punkt - Z\u00e4memache","og_description":"Usbilde ond Witerbringe Sit 23 Johr bin i als Erwachsenebildner t\u00e4tig ond gebe mini Erfahrige sehr gern praxisbezoge ond lebendig wieter.Bim Usbilde isch mer wichtig, dass di Teilnehmende d&#8217;Inhalt verst\u00f6nd ond somit Z\u00e4meh\u00e4ng sp\u00f6ter selber ch\u00f6nd novollz\u00fcche \u2013 ond sich so entwickle ch\u00f6nd. Visualisiere Wer\u2019s i \u00fcsere digitale Welt schafft, Mensche mit Bilder z&#8217;ber\u00fchere, gw\u00f6nnt. [&hellip;]","og_url":"https:\/\/zaememache.ch\/de_de\/uf-de-punkt\/","og_site_name":"Z\u00e4memache","article_modified_time":"2022-08-31T20:43:28+00:00","og_image":[{"url":"https:\/\/zaememache.ch\/wp-content\/uploads\/2022\/05\/Visualisieren_1-1024x724.png"}],"twitter_card":"summary_large_image","twitter_misc":{"Gesch\u00e4tzte Lesezeit":"2 Minuten"},"schema":{"@context":"https:\/\/schema.org","@graph":[{"@type":"WebPage","@id":"https:\/\/zaememache.ch\/uf-de-punkt\/","url":"https:\/\/zaememache.ch\/uf-de-punkt\/","name":"uf de Punkt - Z\u00e4memache","isPartOf":{"@id":"https:\/\/zaememache.ch\/#website"},"datePublished":"2020-03-04T06:23:44+00:00","dateModified":"2022-08-31T20:43:28+00:00","breadcrumb":{"@id":"https:\/\/zaememache.ch\/uf-de-punkt\/#breadcrumb"},"inLanguage":"de-DE","potentialAction":[{"@type":"ReadAction","target":["https:\/\/zaememache.ch\/uf-de-punkt\/"]}]},{"@type":"BreadcrumbList","@id":"https:\/\/zaememache.ch\/uf-de-punkt\/#breadcrumb","itemListElement":[{"@type":"ListItem","position":1,"name":"Startseite","item":"https:\/\/zaememache.ch\/"},{"@type":"ListItem","position":2,"name":"uf de Punkt"}]},{"@type":"WebSite","@id":"https:\/\/zaememache.ch\/#website","url":"https:\/\/zaememache.ch\/","name":"z\u00e4memache","description":"","publisher":{"@id":"https:\/\/zaememache.ch\/#organization"},"potentialAction":[{"@type":"SearchAction","target":{"@type":"EntryPoint","urlTemplate":"https:\/\/zaememache.ch\/?s={search_term_string}"},"query-input":"required name=search_term_string"}],"inLanguage":"de-DE"},{"@type":"Organization","@id":"https:\/\/zaememache.ch\/#organization","name":"z\u00e4memache","url":"https:\/\/zaememache.ch\/","logo":{"@type":"ImageObject","inLanguage":"de-DE","@id":"https:\/\/zaememache.ch\/#\/schema\/logo\/image\/","url":"https:\/\/zaememache.ch\/wp-content\/uploads\/2020\/03\/cropped-icon.png","contentUrl":"https:\/\/zaememache.ch\/wp-content\/uploads\/2020\/03\/cropped-icon.png","width":512,"height":512,"caption":"z\u00e4memache"},"image":{"@id":"https:\/\/zaememache.ch\/#\/schema\/logo\/image\/"}}]}},"_links":{"self":[{"href":"https:\/\/zaememache.ch\/de_de\/wp-json\/wp\/v2\/pages\/304"}],"collection":[{"href":"https:\/\/zaememache.ch\/de_de\/wp-json\/wp\/v2\/pages"}],"about":[{"href":"https:\/\/zaememache.ch\/de_de\/wp-json\/wp\/v2\/types\/page"}],"author":[{"embeddable":true,"href":"https:\/\/zaememache.ch\/de_de\/wp-json\/wp\/v2\/users\/1"}],"replies":[{"embeddable":true,"href":"https:\/\/zaememache.ch\/de_de\/wp-json\/wp\/v2\/comments?post=304"}],"version-history":[{"count":123,"href":"https:\/\/zaememache.ch\/de_de\/wp-json\/wp\/v2\/pages\/304\/revisions"}],"predecessor-version":[{"id":2936,"href":"https:\/\/zaememache.ch\/de_de\/wp-json\/wp\/v2\/pages\/304\/revisions\/2936"}],"wp:attachment":[{"href":"https:\/\/zaememache.ch\/de_de\/wp-json\/wp\/v2\/media?parent=304"}],"curies":[{"name":"wp","href":"https:\/\/api.w.org\/{rel}","templated":true}]}}